{"id":8,"date":"2020-05-21T20:51:00","date_gmt":"2020-05-21T17:51:00","guid":{"rendered":"http:\/\/utt.com.tr\/?page_id=8"},"modified":"2020-05-21T20:51:00","modified_gmt":"2020-05-21T17:51:00","slug":"hakkimizda","status":"publish","type":"page","link":"https:\/\/utt.com.tr\/en\/","title":{"rendered":"Welcome to technologic glass for life!"},"content":{"rendered":"\n<figure class=\"wp-block-image alignfull size-large\"><img loading=\"lazy\" width=\"1024\" height=\"276\" src=\"http:\/\/utt.com.tr\/en\/wp-content\/uploads\/sites\/2\/2020\/05\/home2-1024x276.jpg\" alt=\"\" class=\"wp-image-120\" srcset=\"https:\/\/utt.com.tr\/en\/wp-content\/uploads\/sites\/2\/2020\/05\/home2-1024x276.jpg 1024w, https:\/\/utt.com.tr\/en\/wp-content\/uploads\/sites\/2\/2020\/05\/home2-300x81.jpg 300w, https:\/\/utt.com.tr\/en\/wp-content\/uploads\/sites\/2\/2020\/05\/home2-768x207.jpg 768w, https:\/\/utt.com.tr\/en\/wp-content\/uploads\/sites\/2\/2020\/05\/home2.jpg 1037w\" sizes=\"(max-width: 1024px) 100vw, 1024px\" \/><\/figure>\n\n\n\n<h2>Hakk\u0131m\u0131zda<\/h2>\n\n\n\n<p><strong>Firmam\u0131z UTT Ltda, petrokimya tesisleri, enerji santralleri ve \u00fclkemizin \u00f6nde gelen sanayi kurulu\u015flar\u0131n\u0131n ihtiya\u00e7 duydu\u011fu bir\u00e7ok yedek par\u00e7a ve teknik malzeme tedarikindeki tecr\u00fcbelerini daha iyi aktarabilmek ve sekt\u00f6rde g\u00f6rd\u00fckleri eksikleri kapatarak m\u00fc\u015fterilerine daha iyi hizmet amac\u0131yla bir makine m\u00fchendisi ve bir ekonomist iki \u00e7ocukluk arkada\u015f\u0131 taraf\u0131ndan 1989 y\u0131l\u0131nda kurulmu\u015ftur. Gururla ifade ederiz ki, ofisimizin adresi ve telefonlar\u0131 da kuruldu\u011fumuz y\u0131ldan beri de\u011fi\u015fmemi\u015ftir.<\/strong><\/p>\n\n\n\n<p>1992 y\u0131l\u0131nda m\u00fc\u015fterilerimizden de gelen talepler do\u011frultusunda, \u00f6zellikle teknik cam konusunda ya\u015fanan yava\u015f ve k\u0131s\u0131tl\u0131 tedarik sorununun \u00fczerine yo\u011funla\u015fan \u015firketimiz, bu alanda uzmanla\u015farak,&nbsp; kalitesi ve g\u00fcvenilirlili\u011fi d\u00fcnyaca kabul edilen sekt\u00f6r\u00fcn en iyi markalar\u0131n\u0131 \u00fclkemizdeki siz de\u011ferli kullan\u0131c\u0131larla bulu\u015fturmaya devam etmektedir.<\/p>\n\n\n\n<figure class=\"wp-block-image size-large\"><img loading=\"lazy\" width=\"1024\" height=\"1024\" src=\"http:\/\/utt.com.tr\/en\/wp-content\/uploads\/sites\/2\/2020\/05\/fireplace_02-1024x1024.jpg\" alt=\"\" class=\"wp-image-226\" srcset=\"https:\/\/utt.com.tr\/en\/wp-content\/uploads\/sites\/2\/2020\/05\/fireplace_02-1024x1024.jpg 1024w, https:\/\/utt.com.tr\/en\/wp-content\/uploads\/sites\/2\/2020\/05\/fireplace_02-300x300.jpg 300w, https:\/\/utt.com.tr\/en\/wp-content\/uploads\/sites\/2\/2020\/05\/fireplace_02-150x150.jpg 150w, https:\/\/utt.com.tr\/en\/wp-content\/uploads\/sites\/2\/2020\/05\/fireplace_02-768x768.jpg 768w, https:\/\/utt.com.tr\/en\/wp-content\/uploads\/sites\/2\/2020\/05\/fireplace_02-1200x1200.jpg 1200w, https:\/\/utt.com.tr\/en\/wp-content\/uploads\/sites\/2\/2020\/05\/fireplace_02.jpg 1367w\" sizes=\"(max-width: 1024px) 100vw, 1024px\" \/><\/figure>\n\n\n\n<p>\u0130stanbul Okmeydan\u0131\u2019nda yerle\u015fik at\u00f6lyemizde, istenilen ebatta ve miktarda titizlilikle haz\u0131rlanan sipari\u015fleriniz, ambalajlanarak g\u00fcvenli bir \u015fekilde taraf\u0131n\u0131za ula\u015ft\u0131r\u0131lmaktad\u0131r. Sanayide teknik cam kullan\u0131m\u0131nda kritik olan \u0131s\u0131 ve bas\u0131n\u00e7 de\u011ferlerinin g\u00f6z \u00f6n\u00fcnde bulundurulmas\u0131, kullan\u0131m yerindeki \u015fartlara uygun cam\u0131n se\u00e7ilmesi tart\u0131\u015fmas\u0131z en \u00f6nemli noktad\u0131r. Biz UTT olarak, y\u0131llar\u0131n verdi\u011fi tecr\u00fcbemizin \u0131\u015f\u0131\u011f\u0131nda, ihtiyac\u0131n\u0131z olan en uygun cam\u0131 se\u00e7ip, talep edilen \u00f6l\u00e7\u00fcde ve miktarda teminini sa\u011flamaktaki istikrar\u0131m\u0131z\u0131 s\u00fcrd\u00fcrmekteyiz.<\/p>\n\n\n\n<p>Misyonumuz, tedarik etti\u011fimiz \u00fcr\u00fcnler, sundu\u011fumuz \u00e7\u00f6z\u00fcmler ve sat\u0131\u015f sonras\u0131 hizmetlerimizle sa\u011flad\u0131\u011f\u0131m\u0131z g\u00fcven i\u00e7inde, m\u00fc\u015fterilerin ilk tercihi olarak de\u011fer yaratan bir \u015firket olmakt\u0131r.<\/p>\n\n\n\n<p>Vizyonumuz, teknik cam konusunda her zaman \u00e7\u00f6z\u00fcm orta\u011f\u0131n\u0131z olmak, en iyi \u00fcr\u00fcnleri sizlerle bulu\u015fturarak, kaliteden \u00f6d\u00fcn vermeden hizmetlerimize devam etmektir.<\/p>\n\n\n\n<p>Marka de\u011feri y\u00fcksek \u00fcr\u00fcnlerin tedarikinde, Kalite ve G\u00fcven slogan\u0131yla kararl\u0131 ad\u0131mlarla y\u00fcr\u00fcmeye devam edece\u011fiz.<\/p>\n","protected":false},"excerpt":{"rendered":"<p>Hakk\u0131m\u0131zda Firmam\u0131z UTT Ltda, petrokimya tesisleri, enerji santralleri ve \u00fclkemizin \u00f6nde gelen sanayi kurulu\u015flar\u0131n\u0131n ihtiya\u00e7 duydu\u011fu bir\u00e7ok yedek par\u00e7a ve teknik malzeme tedarikindeki tecr\u00fcbelerini daha iyi aktarabilmek ve sekt\u00f6rde g\u00f6rd\u00fckleri eksikleri kapatarak m\u00fc\u015fterilerine daha iyi hizmet amac\u0131yla bir makine m\u00fchendisi ve bir ekonomist iki \u00e7ocukluk arkada\u015f\u0131 taraf\u0131ndan 1989 y\u0131l\u0131nda kurulmu\u015ftur. Gururla ifade ederiz ki, ofisimizin [&hellip;]<\/p>\n","protected":false},"author":1,"featured_media":0,"parent":0,"menu_order":0,"comment_status":"closed","ping_status":"closed","template":"","meta":[],"_links":{"self":[{"href":"https:\/\/utt.com.tr\/en\/wp-json\/wp\/v2\/pages\/8"}],"collection":[{"href":"https:\/\/utt.com.tr\/en\/wp-json\/wp\/v2\/pages"}],"about":[{"href":"https:\/\/utt.com.tr\/en\/wp-json\/wp\/v2\/types\/page"}],"author":[{"embeddable":true,"href":"https:\/\/utt.com.tr\/en\/wp-json\/wp\/v2\/users\/1"}],"replies":[{"embeddable":true,"href":"https:\/\/utt.com.tr\/en\/wp-json\/wp\/v2\/comments?post=8"}],"version-history":[{"count":0,"href":"https:\/\/utt.com.tr\/en\/wp-json\/wp\/v2\/pages\/8\/revisions"}],"wp:attachment":[{"href":"https:\/\/utt.com.tr\/en\/wp-json\/wp\/v2\/media?parent=8"}],"curies":[{"name":"wp","href":"https:\/\/api.w.org\/{rel}","templated":true}]}}